{"id":16,"date":"2020-02-22T17:01:48","date_gmt":"2020-02-22T17:01:48","guid":{"rendered":"http:\/\/intern.elixus.info\/?page_id=16"},"modified":"2020-02-22T17:01:48","modified_gmt":"2020-02-22T17:01:48","slug":"datenschutzerklaerung","status":"publish","type":"page","link":"https:\/\/elixus.de\/?page_id=16","title":{"rendered":"Datenschutzerkl\u00e4rung"},"content":{"rendered":"\t\t<div data-elementor-type=\"wp-page\" data-elementor-id=\"16\" class=\"elementor elementor-16\">\n\t\t\t\t\t\t<section class=\"elementor-section elementor-top-section elementor-element elementor-element-c3589c5 elementor-section-boxed elementor-section-height-default elementor-section-height-default\" data-id=\"c3589c5\" data-element_type=\"section\">\n\t\t\t\t\t\t<div class=\"elementor-container elementor-column-gap-default\">\n\t\t\t\t\t<div class=\"elementor-column elementor-col-100 elementor-top-column elementor-element elementor-element-85e72ec\" data-id=\"85e72ec\" data-element_type=\"column\">\n\t\t\t<div class=\"elementor-widget-wrap elementor-element-populated\">\n\t\t\t\t\t\t<div class=\"elementor-element elementor-element-92223c0 elementor-widget elementor-widget-text-editor\" data-id=\"92223c0\" data-element_type=\"widget\" data-widget_type=\"text-editor.default\">\n\t\t\t\t<div class=\"elementor-widget-container\">\n\t\t\t<style>\/*! elementor - v3.23.0 - 05-08-2024 *\/\n.elementor-widget-text-editor.elementor-drop-cap-view-stacked .elementor-drop-cap{background-color:#69727d;color:#fff}.elementor-widget-text-editor.elementor-drop-cap-view-framed .elementor-drop-cap{color:#69727d;border:3px solid;background-color:transparent}.elementor-widget-text-editor:not(.elementor-drop-cap-view-default) .elementor-drop-cap{margin-top:8px}.elementor-widget-text-editor:not(.elementor-drop-cap-view-default) .elementor-drop-cap-letter{width:1em;height:1em}.elementor-widget-text-editor .elementor-drop-cap{float:left;text-align:center;line-height:1;font-size:50px}.elementor-widget-text-editor .elementor-drop-cap-letter{display:inline-block}<\/style>\t\t\t\t<div class=\"wpb_text_column wpb_content_element \"><div class=\"wpb_wrapper\"><p><strong><span style=\"text-decoration: underline;\">Wir <\/span><u>respektieren und sch\u00fctzen Ihre pers\u00f6nlichen Daten<\/u><\/strong><\/p><p>Ob Sie Mitglied, Besucher oder Interessent unserer Website sind:<br \/>Wir sch\u00fctzen und respektieren Ihre Privatsph\u00e4re!\u00a0Hier erhalten Sie schnell und einfach einen \u00dcberblick, welche personen-bezogenen Daten wir von Ihnen erheben und vor allem wof\u00fcr wir diese nutzen.Weiterhin erhalten Sie Informationen zum aktuell geltenden Datenschutzrecht.<\/p><p><strong>WER WIR SIND<\/strong><\/p><p>Das \u201eelixus Fitness &amp; Wellness\u201c ist ein deutsches Fitnessstudio mit Sitz in der A10 Freizeitwelt in der Chausseestr. 1 in 15745 Wildau. Gesch\u00e4ftsinhaber ist Herr Ralf Marsand.\u00a0Als verantwortungsbewusstes Unternehmen ergreifen wir alle gesetzlich erforderlichen Ma\u00dfnahmen, um Ihre personenbezogenen Daten zu sch\u00fctzen.<\/p><p><strong>F\u00dcR WEN GILT UNSERE DATENSCHUTZERKL\u00c4RUNG<\/strong><\/p><p>Wenn wir personenbezogene Daten verarbeiten, bedeutet das konkret, dass wir Daten erheben, speichern, nutzen, \u00fcbermitteln oder l\u00f6schen.<\/p><p><u>In dieser\u00a0<\/u><u>Datenschutzerkl\u00e4rung geht es dabei um personenbezogene Daten von:<\/u><\/p><ul><li>Interessenten und Mitgliedern des \u201eelixus Fitness &amp; Wellness\u201c, die nat\u00fcrliche Personen sind.<\/li><li>Allen anderen nat\u00fcrlichen Personen, die in Kontakt mit unserem Unternehmen stehen, z.B. Bevollm\u00e4chtigte, Erziehungsberechtigte, Boten sowie Vertreter oder Mitarbeiter juristischer Personen, aber auch Besucher unserer Website und Personen, die sich auf unseren Websites registrieren lasse<\/li><li>Wirtschaftlich Berechtigte unserer Kunden (hier m\u00fcssen wir unseren Pr\u00fcfungspflichten, z.B. nach dem Geldw\u00e4schegesetz, nachkommen)<\/li><\/ul><p><strong>UM WELCHE PERSONENBEZOGENEN DATEN GEHT ES KONKRET<\/strong><\/p><p><u>Wir erheben Ihre personenbezogenen Daten, wenn Sie mit uns in Kontakt treten, z.B. als Interessent, Besucher oder Mitglied.<br \/><\/u><u>Das bedeutet:<\/u><\/p><ul><li>Insbesondere, wenn Sie sich f\u00fcr unser Fitnessangebot interessieren, eine Mitgliedschaft beantragen, sich f\u00fcr unsere Online-Dienste registrieren oder sich per E-Mail, Fax oder Telefon an uns wenden oder wenn Sie im Rahmen bestehender Gesch\u00e4ftsbeziehungen unsere Angebote und Dienstleistungen nutzen.<\/li><\/ul><p><u>Folgende pers\u00f6nliche Daten verarbeiten wir:<\/u><\/p><ul><li>Pers\u00f6nliche Identifikationsangaben \u2013\u00a0z.B. Vor- und Nachnamen, Adresse, Geburtsdatum und -ort, Staatsangeh\u00f6rigkeit, Personalausweis-Nummer, E-Mail-Adresse, Telefonnummer\u00a0Soziodemografische Angaben \u2013\u00a0z.B. Familienstand und Familiensituation<\/li><li>Daten zu Ihrem Online-Verhalten und -pr\u00e4ferenzen \u2013\u00a0z.B. IP-Adressen, eindeutige Zuordnungsmerkmale mobiler Endger\u00e4te, Daten zu Ihren Besuchen auf unseren Websites und Apps, Endger\u00e4te, mit denen Sie unsere Website oder App besucht haben<\/li><li>Angaben zu Ihren Interessen und W\u00fcnschen, die Sie uns mitteilen \u2013\u00a0z.B. \u00fcber unser Kontaktformular oder unsere Website<\/li><li>Audiovisuelle Daten \u2013\u00a0z.B. Fotos zur Identifizierung beim Check-In, Fotos oder Bilder die zum Zwecke des entsprechenden Sachbezugs als Nachweis notwendig sind, Aufzeichnungen Ihrer Anrufe, Video\u00fcberwachung, sowie weitere mit diesen Kategorien vergleichbare Daten.<\/li><li>Gesundheitsdaten und\u00a0physische Merkmale \u2013\u00a0z.B.\u00a0Geschlecht,\u00a0Alter, Gr\u00f6\u00dfe, Gewicht, K\u00f6rperma\u00dfe, Anamnese, allgemeine Angaben zur k\u00f6rperlichen Fitness, Trainingsstand,\u00a0Gesundheitszustand<\/li><li>Allgemeine Kundendaten \u2013\u00a0z.B. Bestellungen, Kontodaten, Sondervereinbarungen<\/li><\/ul><p><strong>DATEN VON MINDERJ\u00c4HRIGEN<\/strong><\/p><p>Wir erheben Daten von Minderj\u00e4hrigen nur dann, wenn sie eine Mitgliedschaft beantragen oder unsere Internetdienste in Anspruch nehmen.<\/p><p><strong>WIE NUTZEN WIR IHRE DATEN<\/strong><\/p><p>Wir nutzen Ihre Daten, damit Sie unsere Angebote und Dienstleistungen nutzen k\u00f6nnen (Erf\u00fcllung vertraglicher Pflichten).\u00a0Um unsere Vertr\u00e4ge zu erf\u00fcllen, m\u00fcssen wir Ihre Daten\u00a0verarbeiten. Das gilt auch f\u00fcr vorvertragliche Angaben, die Sie uns im Rahmen einer Antragstellung machen.\u00a0Die Zwecke der Datenverarbeitung richtet sich in erster Linie nach der jeweiligen Leistung (z.B. Mitgliedschaft, Interesse als Besucher oder Tagesgast) und k\u00f6nnen unter anderem auch dazu dienen, Ihren Bedarf zu analysieren und zu pr\u00fcfen, ob ein Angebot unserer Leistungen f\u00fcr Sie geeignet ist.<\/p><p><strong><u>Durchf\u00fchrung des Vertragsverh\u00e4ltnisses<\/u><\/strong><\/p><ul><li>Zur Durchf\u00fchrung des Vertragsverh\u00e4ltnisses ben\u00f6tigen wir Ihre Anschrift, Ihre Telefonnummer bzw. Ihre E-Mail-Adresse, um mit Ihnen in Kontakt treten zu k\u00f6nnen und damit Sie unserer Onlinedienste in Anspruche nehmen k\u00f6nnen.<\/li><li>Wir verwenden Daten zur Beantwortung Ihrer Anfragen, zur Abwicklung mit Ihnen geschlossener Vertr\u00e4ge und f\u00fcr die technische Administration.\u00a0Einzelheiten zu den jeweiligen Zwecken der Datenverarbeitung k\u00f6nnen Sie den Vertragsunterlagen entnehmen.<\/li><li>Wir erf\u00fcllen Ihre W\u00fcnsche, verbessern unsere Dienstleistungen und bieten Ihnen passende Leistungen an (nach Interessenabw\u00e4gung).<\/li><\/ul><p><u><strong>St\u00e4rkung der Kundenbeziehung<\/strong><\/u><\/p><p>Wir freuen uns, wenn Sie Einladungen zu Kundenumfragen (z.B. zur Messung Ihrer Zufriedenheit) folgen. Die Ergebnisse solcher Umfragen helfen uns dabei, die Angebote und\u00a0Dienstleistungen unseres Unternehmens zu verbessern.<\/p><p><u><strong>Datenverarbeitung und -analyse zu Marketingzwecken<\/strong><\/u><\/p><p>Ihre individuellen Bed\u00fcrfnisse sind uns wichtig und wir versuchen, Ihnen Informationen zu Angeboten und Dienstleistungen zu geben, die genau zu Ihnen passen. Daf\u00fcr nutzen wir\u00a0Erkenntnisse aus unserer Gesch\u00e4ftsbeziehung mit Ihnen oder auch aus der Marktforschung und Meinungsumfragen.\u00a0Wir gew\u00e4hrleisten, dass wir Ihre personenbezogenen Daten immer in \u00dcbereinstimmung mit den Bestimmungen des geltenden Datenschutzrechts verarbeiten.<\/p><p>Wichtig zu wissen: Sie k\u00f6nnen der Analyse oder der Nutzung Ihrer personenbezogenen Daten zu diesen Zwecken jederzeit widersprechen.<\/p><p><u><strong>Was wird vom \u201eelixus Fitness &amp; Wellness\u201c konkret analysiert und verarbeitet?<\/strong><\/u><\/p><ul><li>Wir analysieren die\u00a0Ergebnisse von Marketingaktivit\u00e4ten,\u00a0um die Effizienz und Relevanz unserer Kampagnen zu messen Wir analysieren\u00a0Informationen, die wir beim Websitebesuch erheben<\/li><li>Wir analysieren\u00a0m\u00f6glichen Bedarf\u00a0sowie die Eignung unseres Leistungsumfangs Wir analysieren Daten aus der Gesch\u00e4ftsbeziehung mit Kunden zur Selektion von Zielgruppen f\u00fcr Marketingaktivit\u00e4ten<\/li><li>Wir analysieren\u00a0das Zahlungsverhalten\u00a0(z.B. Zu- und Abg\u00e4nge auf Ihrem Kundenkonto) Wir bewerten Ihren\u00a0Bedarf in besonderen Situationen\u00a0und pr\u00fcfen, ob bestimmte Leistungen f\u00fcr Sie relevant werden\u00a0(z.B. nach einer Verletzung, Schwangerschaft oder in Vorbereitung auf\u00a0ein sportliches Ereignis)<\/li><li>Wir ermitteln Ihre\u00a0Interessen\u00a0auf der Grundlage von Simulationen, die Sie beim Besuch unserer Website vorgenommen haben<\/li><\/ul><p><strong><u>Direktwerbung<\/u><\/strong><\/p><p>Wir schreiben Ihnen Briefe oder E-Mails mit pers\u00f6nlicher Note, oder machen Ihnen ganz pers\u00f6nliche Angebote auf unserer Website oder unseren Mobilanwendungen. Sie haben jederzeit das Recht, dieser personalisierten Werbung zu widersprechen.<\/p><p><strong><u>Ma\u00dfnahmen zu Ihrer Sicherheit<\/u><\/strong><\/p><p>Wir nutzen u.a. Ihre personenbezogenen Daten in folgenden F\u00e4llen:<\/p><ul><li>Um m\u00f6gliche Straftaten zu verhindern sowie schnell und effizient zu erkennen,\u00a0nutzen wir z.B. Name, IBAN, Depotnummer, Alter, Staatsangeh\u00f6rigkeit, IP-Adresse, etc.<\/li><li>Um die IT-Sicherheit\u00a0gew\u00e4hrleisten zu k\u00f6nnen<\/li><li>Um im Falle rechtlicher Auseinandersetzungen\u00a0Sachverhalte nachvollziehen und belegen zu k\u00f6nnen<\/li><\/ul><p><strong><u>Wir nutzen Ihre Daten mit Ihrer Einwilligung<\/u><\/strong><\/p><p>Wenn Sie uns eine Einwilligung zur Verarbeitung personenbezogener Daten f\u00fcr bestimmte Zwecke erteilt haben, ist die Verarbeitung dieser Daten rechtm\u00e4\u00dfig. Sie k\u00f6nnen Ihre Einwilligung jederzeit widerrufen.Dies gilt auch f\u00fcr den Widerruf von Einwilligungserkl\u00e4rungen, die Sie uns gegen\u00fcber vor Geltung der DSGVO (Datenschutz-Grundverordnung), also vor dem 25. Mai 2018, abgegeben haben.\u00a0Der Widerruf der Einwilligung ber\u00fchrt nicht die Rechtm\u00e4\u00dfigkeit der bis zum Widerruf erarbeiteten Daten.<\/p><p><strong>WER ERH\u00c4LT ZUGRIFF AUF IHRE DATEN UND WARUM<\/strong><\/p><p><u><strong>Ihre personenbezogenen Daten innerhalb des \u201eelixus Fitness &amp; Wellness\u201c<\/strong><\/u><\/p><p>Innerhalb unseres Unternehmens erhalten nur diejenigen Stellen Zugriff auf Ihre Daten, die diese zur Wahrung unserer berechtigten Interessen oder zur Erf\u00fcllung unserer vertraglichen und gesetzlichen Pflichten ben\u00f6tigen.<\/p><p><u><strong>Ihre personenbezogenen Daten au\u00dferhalb des \u201eelixus Fitness &amp; Wellness\u201c<\/strong><\/u><strong>\u00a0<\/strong><\/p><p>Informationen \u00fcber Sie d\u00fcrfen wir nur weitergeben, wenn gesetzliche Bestimmungen dies gebieten, Sie eingewilligt haben oder wir zur Erteilung einer Auskunft befugt sind.<\/p><p><u>Eine gesetzliche Verpflichtung,\u00a0Ihre personenbezogenen Daten an externe Stellen weiterzuleiten, kommt insbesondere bei folgenden Empf\u00e4ngern in Betracht:<\/u><\/p><ul><li>\u00d6ffentliche Stellen, Aufsichtsbeh\u00f6rden und -organe<\/li><li>Rechtsprechungs-\/Strafverfolgungsbeh\u00f6rden,\u00a0wie z.B. Polizei, Staatsanwaltschaften, Gerichte<\/li><li>Anw\u00e4lte und Notare,\u00a0wie z.B. in Insolvenzverfahren<\/li><li>Wirtschaftspr\u00fcfer<\/li><\/ul><p><u>Um unsere\u00a0vertraglichen Verpflichtungen\u00a0zu erf\u00fcllen, arbeiten wir mit anderen Unternehmen zusammen. Dazu z\u00e4hlen:<\/u><\/p><ul><li>Spezialisten aus der Fitnessbranche.\u00a0Diese sind ebenfalls gesetzlich verpflichtet, pers\u00f6nliche Daten mit der erforderlichen Sorgfalt zu behandeln.<\/li><\/ul><p>Einige Beispiele:<\/p><ul><li>LesMills \u2013 ein Partnerunternehmen das unser Leistungsangebot erweitert<\/li><li>PremiumPlaner \u2013 technisch und organisatorisch bei allen Abl\u00e4ufen, die die Mitgliederverwaltung, Abrechnung, EDV und die Onlinedienste betreffen<\/li><li>Dienstleister, die uns unterst\u00fctzen<\/li><li>Auch von uns eingesetzte Dienstleister k\u00f6nnen, zur Erf\u00fcllung der beschriebenen Zwecke Daten erhalten.\u00a0Dies k\u00f6nnen beispielsweise Unternehmen in den Kategorien IT-Dienstleistungen, Kartendienstleister, Logistik, Druckdienstleistungen, Telekommunikation, Inkasso, Beratung oder Vertrieb und Marketing sein.<\/li><\/ul><p>Wir schauen genau hin, wenn es um Ihre personenbezogenen Daten au\u00dferhalb des \u201eelixus Fitness &amp; Wellness\u201c geht.<\/p><p>In allen oben genannten F\u00e4llen stellen wir sicher, dass Dritte nur Zugriff auf personenbezogene Daten erhalten, die f\u00fcr das Erbringen einzelner Aufgaben notwendig sind. Sie k\u00f6nnen sicher sein, dass wir z.B. Inkassounternehmen nur Daten weitergeben, die Ihr Zahlungsverhalten spiegelt. Au\u00dferdem versichern wir uns stets vorab, dass die Daten von diesen Dritten sicher und vertraulich behandelt und nur zu den von uns genannten Zwecken genutzt werden.<\/p><p>WICHTIG!\u00a0<strong>Unter keinen Umst\u00e4nden verkaufen wir pers\u00f6nliche Daten an Dritte<\/strong><\/p><p><strong>IHRE RECHTE<\/strong><\/p><p><strong>Ihr Recht auf Auskunft, Information und Berichtigung<\/strong><\/p><p>Sie k\u00f6nnen Auskunft \u00fcber Ihre von uns verarbeiteten personenbezogenen Daten verlangen. Sollten Ihre Angaben nicht (mehr) zutreffend sein, k\u00f6nnen Sie eine Berichtigung verlangen.<\/p><p>Sollten Ihre Daten unvollst\u00e4ndig sein, k\u00f6nnen Sie eine Vervollst\u00e4ndigung verlangen.<\/p><p>Wenn wir Ihre Angaben an Dritte weitergegeben haben, informieren wir diese Dritten \u00fcber Ihre Berichtigung \u2013 sofern dies gesetzlich vorgeschrieben ist.<\/p><p><strong>Ihr Recht auf L\u00f6schung Ihrer personenbezogenen Daten<\/strong><\/p><p><u>Aus folgenden Gr\u00fcnden k\u00f6nnen Sie die unverz\u00fcgliche L\u00f6schung Ihrer personenbezogenen Daten verlangen:<\/u><\/p><ul><li>Wenn Ihre personenbezogenen Daten f\u00fcr die Zwecke, f\u00fcr die sie erhoben wurden, nicht l\u00e4nger ben\u00f6tigt werden<\/li><li>Wenn Sie Ihre Einwilligung widerrufen und es an einer anderweitigen Rechtsgrundlage fehlt<\/li><li>Wenn Sie der Verarbeitung widersprechen und es keine \u00fcberwiegenden, schutzw\u00fcrdigen Gr\u00fcnde f\u00fcr eine Verarbeitung gibt<\/li><li>Wenn Ihre personenbezogenen Daten unrechtm\u00e4\u00dfig verarbeitet wurden<\/li><li>Wenn Ihre personenbezogenen Daten gel\u00f6scht werden m\u00fcssen, um gesetzlichen Anforderungen zu entsprechen<\/li><\/ul><p>Bitte beachten Sie, dass ein Anspruch auf L\u00f6schung davon abh\u00e4ngt, ob ein legitimer Grund vorliegt, der die Verarbeitung der Daten erforderlich macht.<\/p><p><strong>Ihr Recht auf Einschr\u00e4nkung der Verarbeitung Ihrer personenbezogenen Daten<\/strong><\/p><p><u>Sie haben das Recht, aus einem der folgenden Gr\u00fcnde, eine Einschr\u00e4nkung der Verarbeitung Ihrer personenbezogenen Daten zu verlangen:<\/u><\/p><ul><li>Wenn die Richtigkeit Ihrer personenbezogenen Daten von Ihnen bestritten wird und wir die M\u00f6glichkeit hatten, die Richtigkeit zu \u00fcberpr\u00fcfen<\/li><li>Wenn die Verarbeitung nicht rechtm\u00e4\u00dfig erfolgt und Sie statt der L\u00f6schung eine Einschr\u00e4nkung der Nutzung verlangen<\/li><li>Wenn wir Ihre Daten nicht mehr f\u00fcr die Zwecke der Verarbeitung ben\u00f6tigen, Sie diese jedoch zur Geltendmachung, Aus\u00fcbung oder Verteidigung gegen Rechtsanspr\u00fcche brauchen<\/li><\/ul><\/div><\/div>\t\t\t\t\t\t<\/div>\n\t\t\t\t<\/div>\n\t\t\t\t\t<\/div>\n\t\t<\/div>\n\t\t\t\t\t<\/div>\n\t\t<\/section>\n\t\t\t\t<\/div>\n\t\t","protected":false},"excerpt":{"rendered":"<p>Wir respektieren und sch\u00fctzen Ihre pers\u00f6nlichen Daten Ob Sie Mitglied, Besucher oder Interessent unserer Website sind:Wir sch\u00fctzen und respektieren Ihre Privatsph\u00e4re!\u00a0Hier erhalten Sie schnell und einfach einen \u00dcberblick, welche personen-bezogenen Daten wir von Ihnen erheben und vor allem wof\u00fcr wir diese nutzen.Weiterhin erhalten Sie Informationen zum aktuell geltenden Datenschutzrecht. WER WIR SIND Das \u201eelixus Fitness [&hellip;]<\/p>\n","protected":false},"author":1,"featured_media":0,"parent":0,"menu_order":0,"comment_status":"closed","ping_status":"closed","template":"","meta":{"ocean_post_layout":"","ocean_both_sidebars_style":"","ocean_both_sidebars_content_width":0,"ocean_both_sidebars_sidebars_width":0,"ocean_sidebar":"","ocean_second_sidebar":"","ocean_disable_margins":"enable","ocean_add_body_class":"","ocean_shortcode_before_top_bar":"","ocean_shortcode_after_top_bar":"","ocean_shortcode_before_header":"","ocean_shortcode_after_header":"","ocean_has_shortcode":"","ocean_shortcode_after_title":"","ocean_shortcode_before_footer_widgets":"","ocean_shortcode_after_footer_widgets":"","ocean_shortcode_before_footer_bottom":"","ocean_shortcode_after_footer_bottom":"","ocean_display_top_bar":"default","ocean_display_header":"default","ocean_header_style":"","ocean_center_header_left_menu":"","ocean_custom_header_template":"","ocean_custom_logo":0,"ocean_custom_retina_logo":0,"ocean_custom_logo_max_width":0,"ocean_custom_logo_tablet_max_width":0,"ocean_custom_logo_mobile_max_width":0,"ocean_custom_logo_max_height":0,"ocean_custom_logo_tablet_max_height":0,"ocean_custom_logo_mobile_max_height":0,"ocean_header_custom_menu":"","ocean_menu_typo_font_family":"","ocean_menu_typo_font_subset":"","ocean_menu_typo_font_size":0,"ocean_menu_typo_font_size_tablet":0,"ocean_menu_typo_font_size_mobile":0,"ocean_menu_typo_font_size_unit":"px","ocean_menu_typo_font_weight":"","ocean_menu_typo_font_weight_tablet":"","ocean_menu_typo_font_weight_mobile":"","ocean_menu_typo_transform":"","ocean_menu_typo_transform_tablet":"","ocean_menu_typo_transform_mobile":"","ocean_menu_typo_line_height":0,"ocean_menu_typo_line_height_tablet":0,"ocean_menu_typo_line_height_mobile":0,"ocean_menu_typo_line_height_unit":"","ocean_menu_typo_spacing":0,"ocean_menu_typo_spacing_tablet":0,"ocean_menu_typo_spacing_mobile":0,"ocean_menu_typo_spacing_unit":"","ocean_menu_link_color":"","ocean_menu_link_color_hover":"","ocean_menu_link_color_active":"","ocean_menu_link_background":"","ocean_menu_link_hover_background":"","ocean_menu_link_active_background":"","ocean_menu_social_links_bg":"","ocean_menu_social_hover_links_bg":"","ocean_menu_social_links_color":"","ocean_menu_social_hover_links_color":"","ocean_disable_title":"default","ocean_disable_heading":"default","ocean_post_title":"","ocean_post_subheading":"","ocean_post_title_style":"","ocean_post_title_background_color":"","ocean_post_title_background":0,"ocean_post_title_bg_image_position":"","ocean_post_title_bg_image_attachment":"","ocean_post_title_bg_image_repeat":"","ocean_post_title_bg_image_size":"","ocean_post_title_height":0,"ocean_post_title_bg_overlay":0.5,"ocean_post_title_bg_overlay_color":"","ocean_disable_breadcrumbs":"default","ocean_breadcrumbs_color":"","ocean_breadcrumbs_separator_color":"","ocean_breadcrumbs_links_color":"","ocean_breadcrumbs_links_hover_color":"","ocean_display_footer_widgets":"default","ocean_display_footer_bottom":"default","ocean_custom_footer_template":""},"_links":{"self":[{"href":"https:\/\/elixus.de\/index.php?rest_route=\/wp\/v2\/pages\/16"}],"collection":[{"href":"https:\/\/elixus.de\/index.php?rest_route=\/wp\/v2\/pages"}],"about":[{"href":"https:\/\/elixus.de\/index.php?rest_route=\/wp\/v2\/types\/page"}],"author":[{"embeddable":true,"href":"https:\/\/elixus.de\/index.php?rest_route=\/wp\/v2\/users\/1"}],"replies":[{"embeddable":true,"href":"https:\/\/elixus.de\/index.php?rest_route=%2Fwp%2Fv2%2Fcomments&post=16"}],"version-history":[{"count":0,"href":"https:\/\/elixus.de\/index.php?rest_route=\/wp\/v2\/pages\/16\/revisions"}],"wp:attachment":[{"href":"https:\/\/elixus.de\/index.php?rest_route=%2Fwp%2Fv2%2Fmedia&parent=16"}],"curies":[{"name":"wp","href":"https:\/\/api.w.org\/{rel}","templated":true}]}}